{"id":147,"date":"2021-10-03T10:21:08","date_gmt":"2021-10-03T08:21:08","guid":{"rendered":"https:\/\/www.assertis.be\/?page_id=147"},"modified":"2022-01-17T10:32:08","modified_gmt":"2022-01-17T09:32:08","slug":"assurance2","status":"publish","type":"page","link":"https:\/\/www.assertis.be\/index.php\/assurance2\/","title":{"rendered":"Assurance"},"content":{"rendered":"<p>[et_pb_section fb_built=&#8221;1&#8243; admin_label=&#8221;Hero&#8221; _builder_version=&#8221;4.10.8&#8243; background_image=&#8221;https:\/\/www.assertis.be\/wp-content\/uploads\/2021\/10\/assurances-2-scaled.jpg&#8221; background_position=&#8221;top_center&#8221; height=&#8221;625px&#8221; custom_margin=&#8221;|||&#8221; custom_padding=&#8221;75px||0px|||&#8221; bottom_divider_color=&#8221;#ffffff&#8221; bottom_divider_flip=&#8221;horizontal&#8221; animation_style=&#8221;slide&#8221; animation_direction=&#8221;top&#8221; animation_intensity_slide=&#8221;5%&#8221; animation_starting_opacity=&#8221;100%&#8221; global_colors_info=&#8221;{}&#8221;][et_pb_row column_structure=&#8221;3_4,1_4&#8243; _builder_version=&#8221;3.25&#8243; background_size=&#8221;initial&#8221; background_position=&#8221;top_left&#8221; background_repeat=&#8221;repeat&#8221; custom_padding=&#8221;27px|0px|0px|0px&#8221; global_colors_info=&#8221;{}&#8221;][et_pb_column type=&#8221;3_4&#8243; _builder_version=&#8221;3.25&#8243; custom_padding=&#8221;|||&#8221; global_colors_info=&#8221;{}&#8221; custom_padding__hover=&#8221;|||&#8221;][et_pb_text admin_label=&#8221;Title&#8221; _builder_version=&#8221;4.10.8&#8243; text_font=&#8221;||||||||&#8221; header_font=&#8221;Montserrat|600|||||||&#8221; header_text_color=&#8221;#000000&#8243; header_font_size=&#8221;37px&#8221; header_line_height=&#8221;1.2em&#8221; background_color=&#8221;rgba(255,255,255,0.55)&#8221; background_layout=&#8221;dark&#8221; custom_padding=&#8221;10px|10px|10px|10px|false|false&#8221; animation_style=&#8221;zoom&#8221; animation_direction=&#8221;left&#8221; animation_intensity_zoom=&#8221;10%&#8221; hover_enabled=&#8221;0&#8243; header_font_size_tablet=&#8221;&#8221; header_font_size_phone=&#8221;25px&#8221; header_font_size_last_edited=&#8221;on|phone&#8221; global_colors_info=&#8221;{}&#8221; sticky_enabled=&#8221;0&#8243;]<\/p>\n<h1>Des assurances incontournables pour tous les professionnels<\/h1>\n<p>[\/et_pb_text][et_pb_button button_url=&#8221;https:\/\/www.assertis.be\/index.php\/contact\/&#8221; button_text=&#8221;Contactez-nous !&#8221; button_alignment=&#8221;left&#8221; _builder_version=&#8221;4.10.8&#8243; custom_button=&#8221;on&#8221; button_text_size=&#8221;14px&#8221; button_text_color=&#8221;#FFFFFF&#8221; button_bg_color=&#8221;#E09900&#8243; button_border_width=&#8221;2px&#8221; button_border_color=&#8221;#FFFFFF&#8221; button_border_radius=&#8221;53px&#8221; button_font=&#8221;Montserrat|500||on|||||&#8221; button_icon=&#8221;%%40%%&#8221; button_icon_color=&#8221;#FFFFFF&#8221; button_icon_placement=&#8221;left&#8221; button_on_hover=&#8221;off&#8221; background_layout=&#8221;dark&#8221; custom_padding=&#8221;20px|45px|20px|45px&#8221; animation_style=&#8221;fade&#8221; button_text_shadow_style=&#8221;preset1&#8243; locked=&#8221;off&#8221; global_colors_info=&#8221;{}&#8221; button_text_size__hover_enabled=&#8221;off&#8221; button_one_text_size__hover_enabled=&#8221;off&#8221; button_two_text_size__hover_enabled=&#8221;off&#8221; button_text_color__hover_enabled=&#8221;off&#8221; button_one_text_color__hover_enabled=&#8221;off&#8221; button_two_text_color__hover_enabled=&#8221;off&#8221; button_border_width__hover_enabled=&#8221;off&#8221; button_one_border_width__hover_enabled=&#8221;off&#8221; button_two_border_width__hover_enabled=&#8221;off&#8221; button_border_color__hover_enabled=&#8221;off&#8221; button_one_border_color__hover_enabled=&#8221;off&#8221; button_two_border_color__hover_enabled=&#8221;off&#8221; button_border_radius__hover_enabled=&#8221;off&#8221; button_one_border_radius__hover_enabled=&#8221;off&#8221; button_two_border_radius__hover_enabled=&#8221;off&#8221; button_letter_spacing__hover_enabled=&#8221;off&#8221; button_one_letter_spacing__hover_enabled=&#8221;off&#8221; button_two_letter_spacing__hover_enabled=&#8221;off&#8221; button_bg_color__hover_enabled=&#8221;off&#8221; button_one_bg_color__hover_enabled=&#8221;off&#8221; button_two_bg_color__hover_enabled=&#8221;off&#8221;][\/et_pb_button][et_pb_text _builder_version=&#8221;4.10.8&#8243; text_font=&#8221;Montserrat|300|||||||&#8221; text_text_color=&#8221;#000000&#8243; text_font_size=&#8221;17px&#8221; text_line_height=&#8221;1.8em&#8221; background_color=&#8221;rgba(255,255,255,0.61)&#8221; background_layout=&#8221;dark&#8221; custom_padding=&#8221;10px|10px|10px|10px|false|false&#8221; animation_style=&#8221;zoom&#8221; animation_direction=&#8221;left&#8221; animation_delay=&#8221;100ms&#8221; animation_intensity_zoom=&#8221;10%&#8221; global_colors_info=&#8221;{}&#8221;]<\/p>\n<p>Assertis est sp\u00e9cialis\u00e9 depuis sa cr\u00e9ation dans le <b>conseil et la souscription d\u2019assurances d\u00e9di\u00e9es aux travailleurs ind\u00e9pendants et chefs d\u2019entreprises<\/b>. Entreprendre, ind\u00e9pendamment de l\u2019\u00e9chelle de votre soci\u00e9t\u00e9, c\u2019est prendre des risques. Et notre m\u00e9tier, c\u2019est pr\u00e9cis\u00e9ment de g\u00e9rer ces risques pour que vous puissiez vous concentrer sur votre activit\u00e9, l\u2019esprit tranquille. Voil\u00e0 pourquoi il est primordial d\u2019assurer de mani\u00e8re optimale chaque pan de votre vie de chef d\u2019entreprise\u2026 mais aussi l\u2019apr\u00e8s\u00a0!<\/p>\n<p>[\/et_pb_text][\/et_pb_column][et_pb_column type=&#8221;1_4&#8243; _builder_version=&#8221;3.25&#8243; custom_padding=&#8221;|||&#8221; global_colors_info=&#8221;{}&#8221; custom_padding__hover=&#8221;|||&#8221;][\/et_pb_column][\/et_pb_row][\/et_pb_section][et_pb_section fb_built=&#8221;1&#8243; admin_label=&#8221;Resources&#8221; _builder_version=&#8221;3.22&#8243; custom_margin=&#8221;|||&#8221; custom_padding=&#8221;|||&#8221; global_colors_info=&#8221;{}&#8221;][et_pb_row column_structure=&#8221;1_2,1_2&#8243; _builder_version=&#8221;3.25&#8243; custom_margin=&#8221;9px|auto||auto||&#8221; global_colors_info=&#8221;{}&#8221;][et_pb_column type=&#8221;1_2&#8243; _builder_version=&#8221;3.25&#8243; custom_padding=&#8221;|||&#8221; global_colors_info=&#8221;{}&#8221; custom_padding__hover=&#8221;|||&#8221;][et_pb_blurb title=&#8221;Assurance hospitalisation, soins de sant\u00e9&#8221; image=&#8221;https:\/\/www.assertis.be\/wp-content\/uploads\/2021\/10\/soins.jpg&#8221; alt=&#8221;assurance hospitalisation&#8221; image_max_width=&#8221;20%&#8221; content_max_width=&#8221;552px&#8221; _builder_version=&#8221;4.10.8&#8243; header_font=&#8221;Montserrat|500|||||||&#8221; header_line_height=&#8221;1.8em&#8221; body_font=&#8221;Montserrat|300|||||||&#8221; body_font_size=&#8221;17px&#8221; body_line_height=&#8221;1.8em&#8221; animation_style=&#8221;fade&#8221; border_color_all_image=&#8221;#&#8221; global_colors_info=&#8221;{}&#8221;]<\/p>\n<p>Vous avez une sant\u00e9 de fer mais vous consacrez aussi beaucoup d\u2019\u00e9nergie \u00e0 votre entreprise. Parce que cela peut aussi vous arriver, une couverture adapt\u00e9e via une <b>assurance hospitalisation et soins de sant\u00e9<\/b> constitue une pr\u00e9caution efficace \u00e0 l\u2019\u00e9gard de frais m\u00e9dicaux qui peuvent tr\u00e8s vite atteindre des sommes cons\u00e9quentes.<\/p>\n<p>[\/et_pb_blurb][\/et_pb_column][et_pb_column type=&#8221;1_2&#8243; _builder_version=&#8221;3.25&#8243; custom_padding=&#8221;|||&#8221; global_colors_info=&#8221;{}&#8221; custom_padding__hover=&#8221;|||&#8221;][et_pb_blurb title=&#8221;Assurance revenu garanti&#8221; image=&#8221;https:\/\/www.assertis.be\/wp-content\/uploads\/2021\/10\/revenu.jpg&#8221; alt=&#8221;revenu garanti&#8221; image_max_width=&#8221;20%&#8221; _builder_version=&#8221;4.10.8&#8243; header_font=&#8221;Montserrat|500|||||||&#8221; header_line_height=&#8221;1.8em&#8221; body_font=&#8221;Montserrat|300|||||||&#8221; body_font_size=&#8221;17px&#8221; body_line_height=&#8221;1.8em&#8221; animation_style=&#8221;fade&#8221; border_color_all_image=&#8221;#&#8221; global_colors_info=&#8221;{}&#8221;]<\/p>\n<p>Maladie, accident, hospitalisation\u00a0: garantissez-vous (ainsi qu\u2019\u00e0 votre famille) un <b>revenu suffisant pendant ces p\u00e9riodes d\u2019incapacit\u00e9 de travail<\/b>, qu\u2019elles soient courtes ou plus longues.<span class=\"Apple-converted-space\">\u00a0<\/span><\/p>\n<p>[\/et_pb_blurb][\/et_pb_column][\/et_pb_row][et_pb_row column_structure=&#8221;1_2,1_2&#8243; _builder_version=&#8221;3.25&#8243; custom_margin=&#8221;9px|auto||auto||&#8221; global_colors_info=&#8221;{}&#8221;][et_pb_column type=&#8221;1_2&#8243; _builder_version=&#8221;3.25&#8243; custom_padding=&#8221;|||&#8221; global_colors_info=&#8221;{}&#8221; custom_padding__hover=&#8221;|||&#8221;][et_pb_blurb title=&#8221;Assurance pertes d\u2019exploitation&#8221; image=&#8221;https:\/\/www.assertis.be\/wp-content\/uploads\/2021\/10\/exploitation.jpg&#8221; alt=&#8221;perte exploitation&#8221; image_max_width=&#8221;20%&#8221; _builder_version=&#8221;4.10.8&#8243; header_font=&#8221;Montserrat|500|||||||&#8221; header_line_height=&#8221;1.8em&#8221; body_font=&#8221;Montserrat|300|||||||&#8221; body_font_size=&#8221;17px&#8221; body_line_height=&#8221;1.8em&#8221; animation_style=&#8221;fade&#8221; border_color_all_image=&#8221;#&#8221; global_colors_info=&#8221;{}&#8221;]<\/p>\n<p>Votre entreprise a connu un sinistre couvert par votre assurance incendie\u00a0? Celle-ci vous indemnisera selon les d\u00e9g\u00e2ts mais avez-vous pens\u00e9 \u00e0 l\u2019apr\u00e8s\u00a0? <b>Chaque jour d\u2019interruption totale ou partielle de votre activit\u00e9 peut mettre en p\u00e9ril la solidit\u00e9 de votre entreprise<\/b>, il importe donc de vous assurer contre ce risque. Plusieurs formules existent (forfaitaires, bas\u00e9es sur le chiffre d\u2019affaires\u2026).<\/p>\n<p>[\/et_pb_blurb][\/et_pb_column][et_pb_column type=&#8221;1_2&#8243; _builder_version=&#8221;3.25&#8243; custom_padding=&#8221;|||&#8221; global_colors_info=&#8221;{}&#8221; custom_padding__hover=&#8221;|||&#8221;][et_pb_blurb title=&#8221;Assurance protection juridique professionnelle&#8221; image=&#8221;https:\/\/www.assertis.be\/wp-content\/uploads\/2021\/10\/justice.jpg&#8221; alt=&#8221;assistance juridique&#8221; image_max_width=&#8221;20%&#8221; _builder_version=&#8221;4.10.8&#8243; header_font=&#8221;Montserrat|500|||||||&#8221; header_line_height=&#8221;1.8em&#8221; body_font=&#8221;Montserrat|300|||||||&#8221; body_font_size=&#8221;17px&#8221; body_line_height=&#8221;1.8em&#8221; animation_style=&#8221;fade&#8221; border_color_all_image=&#8221;#&#8221; global_colors_info=&#8221;{}&#8221;]<\/p>\n<p>Litiges administratifs ou commerciaux, fiscaux, payroll : le recours \u00e0 une <b>proc\u00e9dure judiciaire<\/b> est parfois in\u00e9vitable et co\u00fbteuse pour assurer une <b>d\u00e9fense en justice<\/b> de mani\u00e8re efficiente. Ces frais impr\u00e9vus peuvent \u00eatre couverts d\u00e8s \u00e0 pr\u00e9sent, contactez-nous pour un premier <a href=\"https:\/\/www.assertis.be\/index.php\/contact\/\"><b>conseil offert.<\/b><\/a><\/p>\n<p>[\/et_pb_blurb][\/et_pb_column][\/et_pb_row][et_pb_row column_structure=&#8221;1_2,1_2&#8243; _builder_version=&#8221;3.25&#8243; custom_margin=&#8221;9px|auto||auto||&#8221; global_colors_info=&#8221;{}&#8221;][et_pb_column type=&#8221;1_2&#8243; _builder_version=&#8221;3.25&#8243; custom_padding=&#8221;|||&#8221; global_colors_info=&#8221;{}&#8221; custom_padding__hover=&#8221;|||&#8221;][et_pb_blurb title=&#8221;Assurances pension (2e pilier), PLCI, EIP, CPTI, INAMI &#8221; image=&#8221;https:\/\/www.assertis.be\/wp-content\/uploads\/2021\/10\/pension.jpg&#8221; alt=&#8221;assurance pension&#8221; image_max_width=&#8221;20%&#8221; _builder_version=&#8221;4.10.8&#8243; header_font=&#8221;Montserrat|500|||||||&#8221; header_line_height=&#8221;1.8em&#8221; body_font=&#8221;Montserrat|300|||||||&#8221; body_font_size=&#8221;17px&#8221; body_line_height=&#8221;1.8em&#8221; animation_style=&#8221;fade&#8221; border_color_all_image=&#8221;#&#8221; global_colors_info=&#8221;{}&#8221;]<\/p>\n<p>Vous avez pens\u00e9 \u00e0 tout pour vous assurer en tant qu\u2019ind\u00e9pendant ou que chef d\u2019entreprise. <b>Mais avez-vous aussi pens\u00e9 \u00e0 l\u2019apr\u00e8s<\/b>\u00a0? La constitution d\u2019une <b>pension compl\u00e9mentaire<\/b> via les m\u00e9canismes d\u00e9di\u00e9s aux ind\u00e9pendants et chefs d\u2019entreprise, et \u00e9galement les <b>assurances d\u00e9c\u00e8s<\/b>, repr\u00e9sentent des incontournables pour des lendemains qui ne d\u00e9chantent ni pour vous, ni pour votre famille.<\/p>\n<p>[\/et_pb_blurb][\/et_pb_column][et_pb_column type=&#8221;1_2&#8243; _builder_version=&#8221;3.25&#8243; custom_padding=&#8221;|||&#8221; global_colors_info=&#8221;{}&#8221; custom_padding__hover=&#8221;|||&#8221;][et_pb_blurb title=&#8221;Bien entendu, Assertis propose les assurances professionnelles les plus courantes :&#8221; image=&#8221;https:\/\/www.assertis.be\/wp-content\/uploads\/2021\/10\/professionnel.jpg&#8221; alt=&#8221;assurance pro&#8221; image_max_width=&#8221;20%&#8221; _builder_version=&#8221;4.10.8&#8243; header_font=&#8221;Montserrat|500|||||||&#8221; header_line_height=&#8221;1.8em&#8221; body_font=&#8221;Montserrat|300|||||||&#8221; body_font_size=&#8221;17px&#8221; body_line_height=&#8221;1.8em&#8221; animation_style=&#8221;fade&#8221; border_color_all_image=&#8221;#&#8221; global_colors_info=&#8221;{}&#8221;]<\/p>\n<ul>\n<li><span><\/span><b>Assurance v\u00e9hicules<\/b> professionnels<\/li>\n<li><span><\/span><b>Assurance incendie<\/b> (bureaux, immeubles professionnels, usine, entrep\u00f4ts\u2026)<\/li>\n<li><span><\/span><b>Assurance mat\u00e9riel professionnel<\/b> (machines, outillage, \u00e9quipements informatiques ou autres\u2026)<\/li>\n<li><span><\/span>Assurance <b>responsabilit\u00e9 professionnelle<\/b> ou responsabilit\u00e9 civile<\/li>\n<\/ul>\n<p>&nbsp;<\/p>\n<p>[\/et_pb_blurb][\/et_pb_column][\/et_pb_row][\/et_pb_section]<\/p>\n","protected":false},"excerpt":{"rendered":"<p>Des assurances incontournables pour tous les professionnelsAssertis est sp\u00e9cialis\u00e9 depuis sa cr\u00e9ation dans le conseil et la souscription d\u2019assurances d\u00e9di\u00e9es aux travailleurs ind\u00e9pendants et chefs d\u2019entreprises. Entreprendre, ind\u00e9pendamment de l\u2019\u00e9chelle de votre soci\u00e9t\u00e9, c\u2019est prendre des risques. Et notre m\u00e9tier, c\u2019est pr\u00e9cis\u00e9ment de g\u00e9rer ces risques pour que vous puissiez vous concentrer sur votre activit\u00e9, [&hellip;]<\/p>\n","protected":false},"author":2,"featured_media":0,"parent":0,"menu_order":0,"comment_status":"closed","ping_status":"closed","template":"","meta":{"_et_pb_use_builder":"on","_et_pb_old_content":"","_et_gb_content_width":""},"_links":{"self":[{"href":"https:\/\/www.assertis.be\/index.php\/wp-json\/wp\/v2\/pages\/147"}],"collection":[{"href":"https:\/\/www.assertis.be\/index.php\/wp-json\/wp\/v2\/pages"}],"about":[{"href":"https:\/\/www.assertis.be\/index.php\/wp-json\/wp\/v2\/types\/page"}],"author":[{"embeddable":true,"href":"https:\/\/www.assertis.be\/index.php\/wp-json\/wp\/v2\/users\/2"}],"replies":[{"embeddable":true,"href":"https:\/\/www.assertis.be\/index.php\/wp-json\/wp\/v2\/comments?post=147"}],"version-history":[{"count":11,"href":"https:\/\/www.assertis.be\/index.php\/wp-json\/wp\/v2\/pages\/147\/revisions"}],"predecessor-version":[{"id":274,"href":"https:\/\/www.assertis.be\/index.php\/wp-json\/wp\/v2\/pages\/147\/revisions\/274"}],"wp:attachment":[{"href":"https:\/\/www.assertis.be\/index.php\/wp-json\/wp\/v2\/media?parent=147"}],"curies":[{"name":"wp","href":"https:\/\/api.w.org\/{rel}","templated":true}]}}